{"id":143,"date":"2025-06-12T10:19:02","date_gmt":"2025-06-12T14:19:02","guid":{"rendered":"https:\/\/posau-faeng.ufms.br\/?page_id=143"},"modified":"2026-08-15T12:58:58","modified_gmt":"2026-08-15T16:58:58","slug":"aluno-especial","status":"publish","type":"page","link":"https:\/\/posau-faeng.ufms.br\/en\/aluno-especial\/","title":{"rendered":"Aluno especial"},"content":{"rendered":"\t\t<div data-elementor-type=\"wp-page\" data-elementor-id=\"143\" class=\"elementor elementor-143\">\n\t\t\t\t<div class=\"elementor-element elementor-element-e89169b e-flex e-con-boxed e-con e-parent\" data-id=\"e89169b\" data-element_type=\"container\">\n\t\t\t\t\t<div class=\"e-con-inner\">\n\t\t\t\t<div class=\"elementor-element elementor-element-f13a6f2 elementor-widget elementor-widget-contentviews_widget_list1\" data-id=\"f13a6f2\" data-element_type=\"widget\" data-widget_type=\"contentviews_widget_list1.default\">\n\t\t\t\t<div class=\"elementor-widget-container\">\n\t\t\t\t\t<div class='pt-cv-wrapper'> <h1 class='pt-cv-heading-container heading1' data-blockid='f13a6f2'><span class='pt-cv-heading'> Heading <\/span><\/h1><div class=\"pt-cv-view pt-cv-blockgrid iscvblock iscvelementor list1 layout1\" id=\"pt-cv-view-f13a6f2\"><div data-id=\"pt-cv-page-1\" class=\"pt-cv-page\" data-cvc=\"1\"><div class=\" pt-cv-content-item pt-cv-2-col\" ><div class=\"pt-cv-thumb-wrapper pull-left \"><a href=\"https:\/\/posau-faeng.ufms.br\/en\/processo-seletivo-unificado-2027\/\" class=\"_self pt-cv-href-thumbnail pt-cv-thumb-left\" target=\"_self\" ><img decoding=\"async\" src=\"https:\/\/posau-faeng.ufms.br\/wp-content\/plugins\/content-views-query-and-display-post-page\/public\/assets\/images\/default_image.png\" class=\"pt-cv-thumbnail pull-left cv-default-img\" alt=\"(Portugu\u00eas do Brasil) Processo Seletivo Unificado - 2027\" title=\"\" \/><\/a><\/div>\n<div class=\"pt-cv-colwrap\"><div class=\"pt-cv-taxoterm above_title\"><a href='https:\/\/posau-faeng.ufms.br\/en\/category\/editais\/' title='Editais' class='pt-cv-tax-editais'>Editais<\/a><a href='https:\/\/posau-faeng.ufms.br\/en\/category\/noticias\/' title='Not\u00edcias' class='pt-cv-tax-noticias'>Not\u00edcias<\/a><\/div><h4 class=\"pt-cv-title\"><a href=\"https:\/\/posau-faeng.ufms.br\/en\/processo-seletivo-unificado-2027\/\" class=\"_self\" target=\"_self\" >(Portugu\u00eas do Brasil) Processo Seletivo Unificado &#8211; 2027<\/a><\/h4><div class=\"pt-cv-content\">Sorry, this entry is only available in Portugu\u00eas do Brasil ...<\/div><div class=\"pt-cv-rmwrap\"><a href=\"https:\/\/posau-faeng.ufms.br\/en\/processo-seletivo-unificado-2027\/\" class=\"_self pt-cv-readmore btn btn-success\" target=\"_self\" >Leia Mais<\/a><\/div><div class=\"pt-cv-meta-fields\"><span class=\"entry-date\"> <time datetime=\"2026-08-24T14:19:46-04:00\">Monday August 24th, 2026<\/time><\/span><span> \/ <\/span><span class=\"author\"> <a href=\"https:\/\/posau-faeng.ufms.br\/en\/author\/julio-botega\/\" rel=\"author\">Julio Cesar Botega do Carmo<\/a><\/span><\/div><\/div><\/div>\n<div class=\" pt-cv-content-item pt-cv-2-col\" ><div class=\"pt-cv-thumb-wrapper pull-left \"><a href=\"https:\/\/posau-faeng.ufms.br\/en\/anulacao-do-edital-no-23-2026-estudante-especial\/\" class=\"_self pt-cv-href-thumbnail pt-cv-thumb-left\" target=\"_self\" ><img decoding=\"async\" src=\"https:\/\/posau-faeng.ufms.br\/wp-content\/plugins\/content-views-query-and-display-post-page\/public\/assets\/images\/default_image.png\" class=\"pt-cv-thumbnail pull-left cv-default-img\" alt=\"(Portugu\u00eas do Brasil) Anula\u00e7\u00e3o do Edital n\u00ba 23\/2026 - Estudante Especial\" title=\"\" \/><\/a><\/div>\n<div class=\"pt-cv-colwrap\"><div class=\"pt-cv-taxoterm above_title\"><a href='https:\/\/posau-faeng.ufms.br\/en\/category\/aluno-especial\/' title='aluno especial' class='pt-cv-tax-aluno-especial'>aluno especial<\/a><\/div><h4 class=\"pt-cv-title\"><a href=\"https:\/\/posau-faeng.ufms.br\/en\/anulacao-do-edital-no-23-2026-estudante-especial\/\" class=\"_self\" target=\"_self\" >(Portugu\u00eas do Brasil) Anula\u00e7\u00e3o do Edital n\u00ba 23\/2026 &#8211; Estudante Especial<\/a><\/h4><div class=\"pt-cv-content\">Sorry, this entry is only available in Portugu\u00eas do Brasil ...<\/div><div class=\"pt-cv-rmwrap\"><a href=\"https:\/\/posau-faeng.ufms.br\/en\/anulacao-do-edital-no-23-2026-estudante-especial\/\" class=\"_self pt-cv-readmore btn btn-success\" target=\"_self\" >Leia Mais<\/a><\/div><div class=\"pt-cv-meta-fields\"><span class=\"entry-date\"> <time datetime=\"2026-07-22T16:48:04-04:00\">Wednesday July 22nd, 2026<\/time><\/span><span> \/ <\/span><span class=\"author\"> <a href=\"https:\/\/posau-faeng.ufms.br\/en\/author\/julio-botega\/\" rel=\"author\">Julio Cesar Botega do Carmo<\/a><\/span><\/div><\/div><\/div>\n<div class=\" pt-cv-content-item pt-cv-2-col\" ><div class=\"pt-cv-thumb-wrapper pull-left \"><a href=\"https:\/\/posau-faeng.ufms.br\/en\/divulgacao-do-resultado-final-da-selecao-para-estudante-especial\/\" class=\"_self pt-cv-href-thumbnail pt-cv-thumb-left\" target=\"_self\" ><img decoding=\"async\" src=\"https:\/\/posau-faeng.ufms.br\/wp-content\/plugins\/content-views-query-and-display-post-page\/public\/assets\/images\/default_image.png\" class=\"pt-cv-thumbnail pull-left cv-default-img\" alt=\"(Portugu\u00eas do Brasil) Divulga\u00e7\u00e3o do resultado final da sele\u00e7\u00e3o para Estudante Especial\" title=\"\" \/><\/a><\/div>\n<div class=\"pt-cv-colwrap\"><div class=\"pt-cv-taxoterm above_title\"><a href='https:\/\/posau-faeng.ufms.br\/en\/category\/sem-categoria\/' title='Sem categoria' class='pt-cv-tax-sem-categoria'>Sem categoria<\/a><\/div><h4 class=\"pt-cv-title\"><a href=\"https:\/\/posau-faeng.ufms.br\/en\/divulgacao-do-resultado-final-da-selecao-para-estudante-especial\/\" class=\"_self\" target=\"_self\" >(Portugu\u00eas do Brasil) Divulga\u00e7\u00e3o do resultado final da sele\u00e7\u00e3o para Estudante Especial<\/a><\/h4><div class=\"pt-cv-content\">Sorry, this entry is only available in Portugu\u00eas do Brasil ...<\/div><div class=\"pt-cv-rmwrap\"><a href=\"https:\/\/posau-faeng.ufms.br\/en\/divulgacao-do-resultado-final-da-selecao-para-estudante-especial\/\" class=\"_self pt-cv-readmore btn btn-success\" target=\"_self\" >Leia Mais<\/a><\/div><div class=\"pt-cv-meta-fields\"><span class=\"entry-date\"> <time datetime=\"2026-07-21T16:29:01-04:00\">Tuesday July 21st, 2026<\/time><\/span><span> \/ <\/span><span class=\"author\"> <a href=\"https:\/\/posau-faeng.ufms.br\/en\/author\/julio-botega\/\" rel=\"author\">Julio Cesar Botega do Carmo<\/a><\/span><\/div><\/div><\/div>\n<div class=\" pt-cv-content-item pt-cv-2-col\" ><div class=\"pt-cv-thumb-wrapper pull-left \"><a href=\"https:\/\/posau-faeng.ufms.br\/en\/retificacao-do-edital-no-23-2026-para-selecao-de-estudante-especial\/\" class=\"_self pt-cv-href-thumbnail pt-cv-thumb-left\" target=\"_self\" ><img decoding=\"async\" src=\"https:\/\/posau-faeng.ufms.br\/wp-content\/plugins\/content-views-query-and-display-post-page\/public\/assets\/images\/default_image.png\" class=\"pt-cv-thumbnail pull-left cv-default-img\" alt=\"(Portugu\u00eas do Brasil) Retifica\u00e7\u00e3o do Edital n\u00ba 23\/2026 para sele\u00e7\u00e3o de Estudante Especial\" title=\"\" \/><\/a><\/div>\n<div class=\"pt-cv-colwrap\"><div class=\"pt-cv-taxoterm above_title\"><a href='https:\/\/posau-faeng.ufms.br\/en\/category\/sem-categoria\/' title='Sem categoria' class='pt-cv-tax-sem-categoria'>Sem categoria<\/a><\/div><h4 class=\"pt-cv-title\"><a href=\"https:\/\/posau-faeng.ufms.br\/en\/retificacao-do-edital-no-23-2026-para-selecao-de-estudante-especial\/\" class=\"_self\" target=\"_self\" >(Portugu\u00eas do Brasil) Retifica\u00e7\u00e3o do Edital n\u00ba 23\/2026 para sele\u00e7\u00e3o de Estudante Especial<\/a><\/h4><div class=\"pt-cv-content\">Sorry, this entry is only available in Portugu\u00eas do Brasil ...<\/div><div class=\"pt-cv-rmwrap\"><a href=\"https:\/\/posau-faeng.ufms.br\/en\/retificacao-do-edital-no-23-2026-para-selecao-de-estudante-especial\/\" class=\"_self pt-cv-readmore btn btn-success\" target=\"_self\" >Leia Mais<\/a><\/div><div class=\"pt-cv-meta-fields\"><span class=\"entry-date\"> <time datetime=\"2026-07-20T18:16:30-04:00\">Monday July 20th, 2026<\/time><\/span><span> \/ <\/span><span class=\"author\"> <a href=\"https:\/\/posau-faeng.ufms.br\/en\/author\/julio-botega\/\" rel=\"author\">Julio Cesar Botega do Carmo<\/a><\/span><\/div><\/div><\/div>\n<div class=\" pt-cv-content-item pt-cv-2-col\" ><div class=\"pt-cv-thumb-wrapper pull-left \"><a href=\"https:\/\/posau-faeng.ufms.br\/en\/resultado-preliminar-da-selecao-para-estudante-especial\/\" class=\"_self pt-cv-href-thumbnail pt-cv-thumb-left\" target=\"_self\" ><img decoding=\"async\" src=\"https:\/\/posau-faeng.ufms.br\/wp-content\/plugins\/content-views-query-and-display-post-page\/public\/assets\/images\/default_image.png\" class=\"pt-cv-thumbnail pull-left cv-default-img\" alt=\"(Portugu\u00eas do Brasil) Resultado preliminar da sele\u00e7\u00e3o para Estudante Especial\" title=\"\" \/><\/a><\/div>\n<div class=\"pt-cv-colwrap\"><div class=\"pt-cv-taxoterm above_title\"><a href='https:\/\/posau-faeng.ufms.br\/en\/category\/sem-categoria\/' title='Sem categoria' class='pt-cv-tax-sem-categoria'>Sem categoria<\/a><\/div><h4 class=\"pt-cv-title\"><a href=\"https:\/\/posau-faeng.ufms.br\/en\/resultado-preliminar-da-selecao-para-estudante-especial\/\" class=\"_self\" target=\"_self\" >(Portugu\u00eas do Brasil) Resultado preliminar da sele\u00e7\u00e3o para Estudante Especial<\/a><\/h4><div class=\"pt-cv-content\">Sorry, this entry is only available in Portugu\u00eas do Brasil ...<\/div><div class=\"pt-cv-rmwrap\"><a href=\"https:\/\/posau-faeng.ufms.br\/en\/resultado-preliminar-da-selecao-para-estudante-especial\/\" class=\"_self pt-cv-readmore btn btn-success\" target=\"_self\" >Leia Mais<\/a><\/div><div class=\"pt-cv-meta-fields\"><span class=\"entry-date\"> <time datetime=\"2026-07-20T18:11:05-04:00\">Monday July 20th, 2026<\/time><\/span><span> \/ <\/span><span class=\"author\"> <a href=\"https:\/\/posau-faeng.ufms.br\/en\/author\/julio-botega\/\" rel=\"author\">Julio Cesar Botega do Carmo<\/a><\/span><\/div><\/div><\/div>\n<div class=\" pt-cv-content-item pt-cv-2-col\" ><div class=\"pt-cv-thumb-wrapper pull-left \"><a href=\"https:\/\/posau-faeng.ufms.br\/en\/selecao-de-candidatos-para-estudante-especial-2026-2\/\" class=\"_self pt-cv-href-thumbnail pt-cv-thumb-left\" target=\"_self\" ><img fetchpriority=\"high\" decoding=\"async\" width=\"1024\" height=\"248\" src=\"https:\/\/posau-faeng.ufms.br\/files\/2025\/06\/Pos-Graduacao-1024x248.jpg\" class=\"pt-cv-thumbnail pull-left\" alt=\"\" \/><\/a><\/div>\n<div class=\"pt-cv-colwrap\"><div class=\"pt-cv-taxoterm above_title\"><a href='https:\/\/posau-faeng.ufms.br\/en\/category\/editais\/' title='Editais' class='pt-cv-tax-editais'>Editais<\/a><a href='https:\/\/posau-faeng.ufms.br\/en\/category\/informacoes\/' title='Informa\u00e7\u00f5es' class='pt-cv-tax-informacoes'>Informa\u00e7\u00f5es<\/a><a href='https:\/\/posau-faeng.ufms.br\/en\/category\/noticias\/' title='Not\u00edcias' class='pt-cv-tax-noticias'>Not\u00edcias<\/a><\/div><h4 class=\"pt-cv-title\"><a href=\"https:\/\/posau-faeng.ufms.br\/en\/selecao-de-candidatos-para-estudante-especial-2026-2\/\" class=\"_self\" target=\"_self\" >(Portugu\u00eas do Brasil) Sele\u00e7\u00e3o de candidatos para estudante especial &#8211; 2026\/2<\/a><\/h4><div class=\"pt-cv-content\">Sorry, this entry is only available in Portugu\u00eas do Brasil ...<\/div><div class=\"pt-cv-rmwrap\"><a href=\"https:\/\/posau-faeng.ufms.br\/en\/selecao-de-candidatos-para-estudante-especial-2026-2\/\" class=\"_self pt-cv-readmore btn btn-success\" target=\"_self\" >Leia Mais<\/a><\/div><div class=\"pt-cv-meta-fields\"><span class=\"entry-date\"> <time datetime=\"2026-07-15T14:50:42-04:00\">Wednesday July 15th, 2026<\/time><\/span><span> \/ <\/span><span class=\"author\"> <a href=\"https:\/\/posau-faeng.ufms.br\/en\/author\/rodrigo-lima\/\" rel=\"author\">Rodrigo Santiago<\/a><\/span><\/div><\/div><\/div><\/div><\/div> <\/div> \t\t\t\t<\/div>\n\t\t\t\t<\/div>\n\t\t\t\t\t<\/div>\n\t\t\t\t<\/div>\n\t\t\t\t<\/div>\n\t\t","protected":false},"excerpt":{"rendered":"<p>Sorry, this entry is only available in Portugu\u00eas do Brasil.<\/p>\n","protected":false},"author":34854,"featured_media":0,"parent":0,"menu_order":0,"comment_status":"closed","ping_status":"closed","template":"","meta":{"footnotes":""},"coauthors":[11],"class_list":["post-143","page","type-page","status-publish","hentry"],"_links":{"self":[{"href":"https:\/\/posau-faeng.ufms.br\/en\/wp-json\/wp\/v2\/pages\/143","targetHints":{"allow":["GET"]}}],"collection":[{"href":"https:\/\/posau-faeng.ufms.br\/en\/wp-json\/wp\/v2\/pages"}],"about":[{"href":"https:\/\/posau-faeng.ufms.br\/en\/wp-json\/wp\/v2\/types\/page"}],"author":[{"embeddable":true,"href":"https:\/\/posau-faeng.ufms.br\/en\/wp-json\/wp\/v2\/users\/34854"}],"replies":[{"embeddable":true,"href":"https:\/\/posau-faeng.ufms.br\/en\/wp-json\/wp\/v2\/comments?post=143"}],"version-history":[{"count":4,"href":"https:\/\/posau-faeng.ufms.br\/en\/wp-json\/wp\/v2\/pages\/143\/revisions"}],"predecessor-version":[{"id":530,"href":"https:\/\/posau-faeng.ufms.br\/en\/wp-json\/wp\/v2\/pages\/143\/revisions\/530"}],"wp:attachment":[{"href":"https:\/\/posau-faeng.ufms.br\/en\/wp-json\/wp\/v2\/media?parent=143"}],"wp:term":[{"taxonomy":"author","embeddable":true,"href":"https:\/\/posau-faeng.ufms.br\/en\/wp-json\/wp\/v2\/coauthors?post=143"}],"curies":[{"name":"wp","href":"https:\/\/api.w.org\/{rel}","templated":true}]}}